{"id":340,"date":"2022-10-14T18:01:36","date_gmt":"2022-10-14T18:01:36","guid":{"rendered":"https:\/\/macaritravel.com\/blog\/?page_id=340"},"modified":"2022-10-19T23:50:59","modified_gmt":"2022-10-19T23:50:59","slug":"index","status":"publish","type":"page","link":"https:\/\/macaritravel.com\/blog\/","title":{"rendered":""},"content":{"rendered":"<div  class=\"ultp-post-grid-block wp-block-ultimate-post-post-grid-2 ultp-block-008ed9\"><div class=\"ultp-block-wrapper\"><div class=\"ultp-loading\"><div class=\"ultp-loading-blocks\" style=\"width:100%;height:100%;\"><div style=\"left: 0;top: 0;animation-delay:0s;\"><\/div><div style=\"left: 21px;top: 0;animation-delay:0.125s;\"><\/div><div style=\"left: 42px;top: 0;animation-delay:0.25s;\"><\/div><div style=\"left: 0;top: 21px;animation-delay:0.875s;\"><\/div><div style=\"left: 42px;top: 21px;animation-delay:0.375s;\"><\/div><div style=\"left: 0;top: 42px;animation-delay:0.75s;\"><\/div><div style=\"left: 42px;top: 42px;animation-delay:0.625s;\"><\/div><div style=\"left: 21px;top: 42px;animation-delay:0.5s;\"><\/div><\/div><\/div><div class=\"ultp-block-items-wrap ultp-block-row\"><div class=\"ultp-block-item post-id-1169\"><div class=\"ultp-block-content-wrap ultp-block-content-overlay\"><div class=\"ultp-block-image ultp-block-image-zoomIn ultp-block-image-overlay ultp-block-image-simgleGradient\"><a href=\"https:\/\/macaritravel.com\/blog\/roteiro-para-san-pedro-atacama-salar-de-uyuni\/\" ><img decoding=\"async\"  alt=\"Roteiro para San Pedro Atacama Salar de Uyuni\"  data-src=\"https:\/\/macaritravel.com\/blog\/wp-content\/uploads\/2022\/10\/San-Pedro-Atacama.jpg\" src=\"data:image\/svg+xml;base64,PHN2ZyB3aWR0aD0iMSIgaGVpZ2h0PSIxIiB4bWxucz0iaHR0cDovL3d3dy53My5vcmcvMjAwMC9zdmciPjwvc3ZnPg==\" class=\"lazyload\" style=\"--smush-placeholder-width: 669px; --smush-placeholder-aspect-ratio: 669\/446;\" \/><\/a><\/div><div class=\"ultp-block-content ultp-block-content-bottomPosition\"><div class=\"ultp-block-content-inner\"><div class=\"ultp-category-grid ultp-category-classic ultp-category-aboveTitle\"><div class=\"ultp-category-in\"><a class=\"ultp-cat-america-do-sul\" href=\"https:\/\/macaritravel.com\/blog\/category\/america-do-sul\/\"  >Am\u00e9rica do Sul<\/a><a class=\"ultp-cat-chile\" href=\"https:\/\/macaritravel.com\/blog\/category\/america-do-sul\/chile\/\"  >Chile<\/a><\/div><\/div><h3 class=\"ultp-block-title \"><a href=\"https:\/\/macaritravel.com\/blog\/roteiro-para-san-pedro-atacama-salar-de-uyuni\/\" >Roteiro para San Pedro Atacama Salar de Uyuni<\/a><\/h3><div class=\"ultp-block-meta ultp-block-meta-dash ultp-block-meta-noIcon\"><span class=\"ultp-block-author ultp-block-meta-element\">By<a class=\"\" href=\"https:\/\/macaritravel.com\/blog\/author\/macari\/\">Macari Travel<\/a><\/span><span class=\"ultp-block-date ultp-block-meta-element\">out 28, 2022<\/span><\/div><\/div><\/div><\/div><\/div><div class=\"ultp-block-item post-id-3561\"><div class=\"ultp-block-content-wrap ultp-block-content-overlay\"><div class=\"ultp-block-image ultp-block-image-zoomIn ultp-block-image-overlay ultp-block-image-simgleGradient\"><a href=\"https:\/\/macaritravel.com\/blog\/wyndham-anuncia-empreendimentos-hoteleiros-no-sul-de-sc\/\" ><img decoding=\"async\"  alt=\"Wyndham anuncia empreendimentos hoteleiros no Sul de SC\"  data-src=\"https:\/\/macaritravel.com\/blog\/wp-content\/uploads\/2023\/11\/wyndhamjagua-870x570.jpeg\" src=\"data:image\/svg+xml;base64,PHN2ZyB3aWR0aD0iMSIgaGVpZ2h0PSIxIiB4bWxucz0iaHR0cDovL3d3dy53My5vcmcvMjAwMC9zdmciPjwvc3ZnPg==\" class=\"lazyload\" style=\"--smush-placeholder-width: 870px; --smush-placeholder-aspect-ratio: 870\/570;\" \/><\/a><\/div><div class=\"ultp-block-content ultp-block-content-bottomPosition\"><div class=\"ultp-block-content-inner\"><div class=\"ultp-category-grid ultp-category-classic ultp-category-aboveTitle\"><div class=\"ultp-category-in\"><a class=\"ultp-cat-brasil\" href=\"https:\/\/macaritravel.com\/blog\/category\/brasil\/\"  >Brasil<\/a><a class=\"ultp-cat-noticias\" href=\"https:\/\/macaritravel.com\/blog\/category\/noticias\/\"  >Noticias<\/a><a class=\"ultp-cat-santa-catarina\" href=\"https:\/\/macaritravel.com\/blog\/category\/brasil\/santa-catarina\/\"  >Santa Catarina<\/a><\/div><\/div><h3 class=\"ultp-block-title \"><a href=\"https:\/\/macaritravel.com\/blog\/wyndham-anuncia-empreendimentos-hoteleiros-no-sul-de-sc\/\" >Wyndham anuncia empreendimentos hoteleiros no Sul de SC<\/a><\/h3><div class=\"ultp-block-meta ultp-block-meta-dash ultp-block-meta-noIcon\"><span class=\"ultp-block-author ultp-block-meta-element\">By<a class=\"\" href=\"https:\/\/macaritravel.com\/blog\/author\/macari\/\">Macari Travel<\/a><\/span><span class=\"ultp-block-date ultp-block-meta-element\">nov 17, 2023<\/span><\/div><\/div><\/div><\/div><\/div><div class=\"ultp-block-item post-id-1491\"><div class=\"ultp-block-content-wrap ultp-block-content-overlay\"><div class=\"ultp-block-image ultp-block-image-zoomIn ultp-block-image-overlay ultp-block-image-simgleGradient\"><a href=\"https:\/\/macaritravel.com\/blog\/parque-gardaland-italia-lanca-a-nova-atracao-jumanji-o-labirinto\/\" ><img decoding=\"async\"  alt=\"Parque Gardaland (Italia) lan\u00e7a a nova atra\u00e7\u00e3o Jumanji\u00ae &#8211; O Labirinto\"  data-src=\"https:\/\/macaritravel.com\/blog\/wp-content\/uploads\/2022\/12\/jumanjigardaland-870x570.jpg\" src=\"data:image\/svg+xml;base64,PHN2ZyB3aWR0aD0iMSIgaGVpZ2h0PSIxIiB4bWxucz0iaHR0cDovL3d3dy53My5vcmcvMjAwMC9zdmciPjwvc3ZnPg==\" class=\"lazyload\" style=\"--smush-placeholder-width: 870px; --smush-placeholder-aspect-ratio: 870\/570;\" \/><\/a><\/div><div class=\"ultp-block-content ultp-block-content-bottomPosition\"><div class=\"ultp-block-content-inner\"><div class=\"ultp-category-grid ultp-category-classic ultp-category-aboveTitle\"><div class=\"ultp-category-in\"><a class=\"ultp-cat-europa\" href=\"https:\/\/macaritravel.com\/blog\/category\/europa\/\"  >Europa<\/a><a class=\"ultp-cat-italia\" href=\"https:\/\/macaritravel.com\/blog\/category\/europa\/italia\/\"  >Italia<\/a><\/div><\/div><h3 class=\"ultp-block-title \"><a href=\"https:\/\/macaritravel.com\/blog\/parque-gardaland-italia-lanca-a-nova-atracao-jumanji-o-labirinto\/\" >Parque Gardaland (Italia) lan\u00e7a a nova atra\u00e7\u00e3o Jumanji\u00ae &#8211; O Labirinto<\/a><\/h3><div class=\"ultp-block-meta ultp-block-meta-dash ultp-block-meta-noIcon\"><span class=\"ultp-block-author ultp-block-meta-element\">By<a class=\"\" href=\"https:\/\/macaritravel.com\/blog\/author\/macari\/\">Macari Travel<\/a><\/span><span class=\"ultp-block-date ultp-block-meta-element\">dez 15, 2022<\/span><\/div><\/div><\/div><\/div><\/div><\/div><\/div><div class=\"pagination-block-html\" aria-hidden=\"true\" style=\"display: none;\"><\/div><\/div>\n\n\n<div class=\"wp-block-columns is-layout-flex wp-container-core-columns-is-layout-9d6595d7 wp-block-columns-is-layout-flex\">\n<div class=\"wp-block-column is-layout-flow wp-block-column-is-layout-flow\" style=\"flex-basis:70%\"><div  class=\"ultp-post-grid-block wp-block-ultimate-post-post-list-2 ultp-block-a26334\"><div class=\"ultp-block-wrapper\"><div class=\"ultp-loading\"><div class=\"ultp-loading-blocks\" style=\"width:100%;height:100%;\"><div style=\"left: 0;top: 0;animation-delay:0s;\"><\/div><div style=\"left: 21px;top: 0;animation-delay:0.125s;\"><\/div><div style=\"left: 42px;top: 0;animation-delay:0.25s;\"><\/div><div style=\"left: 0;top: 21px;animation-delay:0.875s;\"><\/div><div style=\"left: 42px;top: 21px;animation-delay:0.375s;\"><\/div><div style=\"left: 0;top: 42px;animation-delay:0.75s;\"><\/div><div style=\"left: 42px;top: 42px;animation-delay:0.625s;\"><\/div><div style=\"left: 21px;top: 42px;animation-delay:0.5s;\"><\/div><\/div><\/div><div class=\"ultp-heading-filter\"><div class=\"ultp-heading-filter-in\"><div class=\"ultp-heading-wrap ultp-heading-style15 ultp-heading-left\"><h2 class=\"ultp-heading-inner\"><span>mais Recentes<\/span><\/h2><\/div><div class=\"ultp-filter-navigation\"><\/div><\/div><\/div><div class=\"ultp-block-items-wrap ultp-block-content-middle ultp-layout1\"><div class=\"ultp-block-item ultp-block-media post-id-6409\"><div class=\"ultp-block-content-wrap ultp-first-postlist-2\"><div class=\"ultp-block-image ultp-block-image-opacity\"><a href=\"https:\/\/macaritravel.com\/blog\/nova-regra-de-entrada-na-europa-em-vigor-integralmente-desde-10-de-abril-de-2026-o-que-mudou-e-como-se-preparar\/\" ><img decoding=\"async\"  alt=\"Nova regra de entrada na Europa em vigor integralmente desde 10 de abril de 2026: o que mudou e como se preparar\"  data-src=\"https:\/\/macaritravel.com\/blog\/wp-content\/uploads\/2026\/04\/EES-entra-em-vigor-na-Europa.jpg-edited.webp\" src=\"data:image\/svg+xml;base64,PHN2ZyB3aWR0aD0iMSIgaGVpZ2h0PSIxIiB4bWxucz0iaHR0cDovL3d3dy53My5vcmcvMjAwMC9zdmciPjwvc3ZnPg==\" class=\"lazyload\" style=\"--smush-placeholder-width: 1024px; --smush-placeholder-aspect-ratio: 1024\/576;\" \/><\/a><\/div><div class=\"ultp-block-content\"><div class=\"ultp-category-grid ultp-category-classic ultp-category-aboveTitle\"><div class=\"ultp-category-in\"><a class=\"ultp-cat-europa\" href=\"https:\/\/macaritravel.com\/blog\/category\/europa\/\"  >Europa<\/a><a class=\"ultp-cat-noticias\" href=\"https:\/\/macaritravel.com\/blog\/category\/noticias\/\"  >Noticias<\/a><\/div><\/div><h3 class=\"ultp-block-title \"><a href=\"https:\/\/macaritravel.com\/blog\/nova-regra-de-entrada-na-europa-em-vigor-integralmente-desde-10-de-abril-de-2026-o-que-mudou-e-como-se-preparar\/\" >Nova regra de entrada na Europa em vigor integralmente desde 10 de abril de 2026: o que mudou e como se preparar<\/a><\/h3><div class=\"ultp-block-meta ultp-block-meta-dash ultp-block-meta-noIcon\"><span class=\"ultp-block-author ultp-block-meta-element\">By<a class=\"\" href=\"https:\/\/macaritravel.com\/blog\/author\/macari\/\">Macari Travel<\/a><\/span><span class=\"ultp-block-date ultp-block-meta-element\">abr 13, 2026<\/span><span class=\"ultp-post-read ultp-block-meta-element\">4 min read<\/span><\/div><div class=\"ultp-block-excerpt\"><p>Desde 10 de abril de 2026, passou a valer integralmente o EES (Entry\/Exit System), o novo sistema digital de controle de fronteiras do Espa\u00e7o Schengen. Ele substitui o carimbo manual no passaporte por um registro eletr\u00f4nico de entradas e sa\u00eddas e traz coleta de dados biom\u00e9tricos para viajantes de fora da Uni\u00e3o Europeia, incluindo brasileiros em viagens de curta dura\u00e7\u00e3o.\u00a0<\/p>\n<\/div><div class=\"ultp-block-readmore\"><a aria-label=\"Nova regra de entrada na Europa em vigor integralmente desde 10 de abril de 2026: o que mudou e como se preparar\" href=\"https:\/\/macaritravel.com\/blog\/nova-regra-de-entrada-na-europa-em-vigor-integralmente-desde-10-de-abril-de-2026-o-que-mudou-e-como-se-preparar\/\" >Leia mais<\/a><\/div><\/div><\/div><\/div><div class=\"ultp-block-item ultp-block-media post-id-6358\"><div class=\"ultp-block-content-wrap ultp-all-postlist-2\"><div class=\"ultp-block-image ultp-block-image-opacity\"><a href=\"https:\/\/macaritravel.com\/blog\/vila-gale-anuncia-primeiro-hotel-no-sul-do-brasil-vila-gale-floripa-tera-investimento-de-r-200-milhoes\/\" ><img decoding=\"async\"  alt=\"Vila Gal\u00e9 anuncia primeiro hotel no Sul do Brasil: Vila Gal\u00e9 Floripa ter\u00e1 investimento de R$ 200 milh\u00f5es\"  data-src=\"https:\/\/macaritravel.com\/blog\/wp-content\/uploads\/2026\/04\/Jorge-Rebelo-de-Almeida-vila-gale.webp\" src=\"data:image\/svg+xml;base64,PHN2ZyB3aWR0aD0iMSIgaGVpZ2h0PSIxIiB4bWxucz0iaHR0cDovL3d3dy53My5vcmcvMjAwMC9zdmciPjwvc3ZnPg==\" class=\"lazyload\" style=\"--smush-placeholder-width: 590px; --smush-placeholder-aspect-ratio: 590\/373;\" \/><\/a><\/div><div class=\"ultp-block-content\"><div class=\"ultp-category-grid ultp-category-classic ultp-category-aboveTitle\"><div class=\"ultp-category-in\"><a class=\"ultp-cat-brasil\" href=\"https:\/\/macaritravel.com\/blog\/category\/brasil\/\"  >Brasil<\/a><a class=\"ultp-cat-noticias\" href=\"https:\/\/macaritravel.com\/blog\/category\/noticias\/\"  >Noticias<\/a><a class=\"ultp-cat-portugal\" href=\"https:\/\/macaritravel.com\/blog\/category\/europa\/portugal\/\"  >Portugal<\/a><a class=\"ultp-cat-santa-catarina\" href=\"https:\/\/macaritravel.com\/blog\/category\/brasil\/santa-catarina\/\"  >Santa Catarina<\/a><\/div><\/div><h3 class=\"ultp-block-title \"><a href=\"https:\/\/macaritravel.com\/blog\/vila-gale-anuncia-primeiro-hotel-no-sul-do-brasil-vila-gale-floripa-tera-investimento-de-r-200-milhoes\/\" >Vila Gal\u00e9 anuncia primeiro hotel no Sul do Brasil: Vila Gal\u00e9 Floripa ter\u00e1 investimento de R$ 200 milh\u00f5es<\/a><\/h3><div class=\"ultp-block-meta ultp-block-meta-dash ultp-block-meta-noIcon\"><span class=\"ultp-block-author ultp-block-meta-element\">By<a class=\"\" href=\"https:\/\/macaritravel.com\/blog\/author\/macari\/\">Macari Travel<\/a><\/span><span class=\"ultp-block-date ultp-block-meta-element\">abr 1, 2026<\/span><span class=\"ultp-post-read ultp-block-meta-element\">3 min read<\/span><\/div><div class=\"ultp-block-excerpt\"><p>A rede portuguesa Vila Gal\u00e9 oficializou sua chegada \u00e0 regi\u00e3o Sul do Brasil com o lan\u00e7amento do Vila Gal\u00e9 Floripa, primeiro empreendimento da marca em Santa Catarina. O an\u00fancio foi&hellip;<\/p>\n<\/div><\/div><\/div><\/div><div class=\"ultp-block-item ultp-block-media post-id-6353\"><div class=\"ultp-block-content-wrap ultp-all-postlist-2\"><div class=\"ultp-block-image ultp-block-image-opacity\"><a href=\"https:\/\/macaritravel.com\/blog\/novo-trem-entre-o-aeroporto-de-porto-alegre-e-gramado\/\" ><img decoding=\"async\"  alt=\"Novo trem entre o Aeroporto de Porto Alegre e Gramado\"  data-src=\"https:\/\/macaritravel.com\/blog\/wp-content\/uploads\/2026\/04\/tremgramado-600x520.jpeg\" src=\"data:image\/svg+xml;base64,PHN2ZyB3aWR0aD0iMSIgaGVpZ2h0PSIxIiB4bWxucz0iaHR0cDovL3d3dy53My5vcmcvMjAwMC9zdmciPjwvc3ZnPg==\" class=\"lazyload\" style=\"--smush-placeholder-width: 600px; --smush-placeholder-aspect-ratio: 600\/520;\" \/><\/a><\/div><div class=\"ultp-block-content\"><div class=\"ultp-category-grid ultp-category-classic ultp-category-aboveTitle\"><div class=\"ultp-category-in\"><a class=\"ultp-cat-brasil\" href=\"https:\/\/macaritravel.com\/blog\/category\/brasil\/\"  >Brasil<\/a><a class=\"ultp-cat-canela\" href=\"https:\/\/macaritravel.com\/blog\/category\/brasil\/canela\/\"  >Canela<\/a><a class=\"ultp-cat-dicas\" href=\"https:\/\/macaritravel.com\/blog\/category\/dicas\/\"  >Dicas<\/a><a class=\"ultp-cat-gramado\" href=\"https:\/\/macaritravel.com\/blog\/category\/brasil\/gramado\/\"  >Gramado<\/a><a class=\"ultp-cat-noticias\" href=\"https:\/\/macaritravel.com\/blog\/category\/noticias\/\"  >Noticias<\/a><a class=\"ultp-cat-serra-gaucha\" href=\"https:\/\/macaritravel.com\/blog\/category\/serra-gaucha\/\"  >Serra Ga\u00facha<\/a><a class=\"ultp-cat-serra-gaucha-brasil\" href=\"https:\/\/macaritravel.com\/blog\/category\/brasil\/serra-gaucha-brasil\/\"  >Serra Ga\u00facha<\/a><\/div><\/div><h3 class=\"ultp-block-title \"><a href=\"https:\/\/macaritravel.com\/blog\/novo-trem-entre-o-aeroporto-de-porto-alegre-e-gramado\/\" >Novo trem entre o Aeroporto de Porto Alegre e Gramado<\/a><\/h3><div class=\"ultp-block-meta ultp-block-meta-dash ultp-block-meta-noIcon\"><span class=\"ultp-block-author ultp-block-meta-element\">By<a class=\"\" href=\"https:\/\/macaritravel.com\/blog\/author\/macari\/\">Macari Travel<\/a><\/span><span class=\"ultp-block-date ultp-block-meta-element\">abr 1, 2026<\/span><span class=\"ultp-post-read ultp-block-meta-element\">4 min read<\/span><\/div><div class=\"ultp-block-excerpt\"><p>Um novo projeto ferrovi\u00e1rio anunciado no Rio Grande do Sul promete mudar a forma como turistas chegam \u00e0 Serra Ga\u00facha: a proposta \u00e9 ligar o Aeroporto Internacional Salgado Filho, em&hellip;<\/p>\n<\/div><\/div><\/div><\/div><div class=\"ultp-block-item ultp-block-media post-id-6349\"><div class=\"ultp-block-content-wrap ultp-all-postlist-2\"><div class=\"ultp-block-image ultp-block-image-opacity\"><a href=\"https:\/\/macaritravel.com\/blog\/turismo-ganha-prioridade-entre-mulheres-e-o-uso-de-salas-vip-cresce-mais-de-60-no-brasil\/\" ><img decoding=\"async\"  alt=\"Turismo ganha prioridade entre mulheres e o uso de salas VIP cresce mais de 60% no Brasil\"  data-src=\"https:\/\/macaritravel.com\/blog\/wp-content\/uploads\/2026\/04\/image-600x600.png\" src=\"data:image\/svg+xml;base64,PHN2ZyB3aWR0aD0iMSIgaGVpZ2h0PSIxIiB4bWxucz0iaHR0cDovL3d3dy53My5vcmcvMjAwMC9zdmciPjwvc3ZnPg==\" class=\"lazyload\" style=\"--smush-placeholder-width: 600px; --smush-placeholder-aspect-ratio: 600\/600;\" \/><\/a><\/div><div class=\"ultp-block-content\"><div class=\"ultp-category-grid ultp-category-classic ultp-category-aboveTitle\"><div class=\"ultp-category-in\"><a class=\"ultp-cat-noticias\" href=\"https:\/\/macaritravel.com\/blog\/category\/noticias\/\"  >Noticias<\/a><\/div><\/div><h3 class=\"ultp-block-title \"><a href=\"https:\/\/macaritravel.com\/blog\/turismo-ganha-prioridade-entre-mulheres-e-o-uso-de-salas-vip-cresce-mais-de-60-no-brasil\/\" >Turismo ganha prioridade entre mulheres e o uso de salas VIP cresce mais de 60% no Brasil<\/a><\/h3><div class=\"ultp-block-meta ultp-block-meta-dash ultp-block-meta-noIcon\"><span class=\"ultp-block-author ultp-block-meta-element\">By<a class=\"\" href=\"https:\/\/macaritravel.com\/blog\/author\/macari\/\">Macari Travel<\/a><\/span><span class=\"ultp-block-date ultp-block-meta-element\">abr 1, 2026<\/span><span class=\"ultp-post-read ultp-block-meta-element\">4 min read<\/span><\/div><div class=\"ultp-block-excerpt\"><p>Viajar deixou de ser apenas um \u201cextra\u201d e passou a ocupar um lugar central nas escolhas de consumo de muitas mulheres. Um levantamento citado pela Dragonpass indica que, globalmente, uma&hellip;<\/p>\n<\/div><\/div><\/div><\/div><\/div><div class=\"ultp-pagination-wrap ultp-pagination-ajax-action\" data-paged=\"1\" data-expost=\"\"  data-blockid=\"a26334\" data-postid=\"340\" data-pages=\"37\" data-blockname=\"ultimate-post_post-list-2\" data-selfpostid=\"no\"><ul class=\"ultp-pagination\"><li class=\"ultp-prev-page-numbers\" style=\"display:none\"><a href=\"https:\/\/macaritravel.com\/blog\/wp-json\/wp\/v2\/pages\/340\/\"><svg xmlns=\"http:\/\/www.w3.org\/2000\/svg\" fill=\"none\" viewBox=\"0 0 24 24\">\n  <path stroke=\"currentColor\" stroke-linecap=\"round\" stroke-linejoin=\"round\" stroke-width=\"1.5\" d=\"m15 18-6-6 6-6\"\/>\n<\/svg>\n Previous<\/a><\/li><li class=\"ultp-first-pages\" style=\"display:none\" data-current=\"1\"><a href=\"https:\/\/macaritravel.com\/blog\/wp-json\/wp\/v2\/pages\/340\/\">1<\/a><\/li><li class=\"ultp-first-dot\"style=\"display:none\"><a href=\"#\">&#8230;<\/a><\/li><li class=\"ultp-center-item pagination-active\" data-current=\"1\"><a href=\"https:\/\/macaritravel.com\/blog\/wp-json\/wp\/v2\/pages\/340\/\">1<\/a><\/li><li class=\"ultp-center-item\" data-current=\"2\" ><a href=\"https:\/\/macaritravel.com\/blog\/wp-json\/wp\/v2\/pages\/340\/page\/2\/\">2<\/a><\/li><li class=\"ultp-center-item\" data-current=\"3\" ><a href=\"https:\/\/macaritravel.com\/blog\/wp-json\/wp\/v2\/pages\/340\/page\/3\/\">3<\/a><\/li><li class=\"ultp-last-dot\" ><a href=\"#\">&#8230;<\/a><\/li><li class=\"ultp-last-pages\" data-current=\"37\"><a href=\"https:\/\/macaritravel.com\/blog\/wp-json\/wp\/v2\/pages\/340\/page\/37\/\">37<\/a><\/li><li class=\"ultp-next-page-numbers\"><a href=\"https:\/\/macaritravel.com\/blog\/wp-json\/wp\/v2\/pages\/340\/page\/2\/\">Next<svg xmlns=\"http:\/\/www.w3.org\/2000\/svg\" fill=\"none\" viewBox=\"0 0 24 24\">\n  <path stroke=\"currentColor\" stroke-linecap=\"round\" stroke-linejoin=\"round\" stroke-width=\"1.5\" d=\"m9 18 6-6-6-6\"\/>\n<\/svg>\n<\/a><\/li><\/ul><\/div><\/div><div class=\"pagination-block-html\" aria-hidden=\"true\" style=\"display: none;\"><\/div><\/div><\/div>\n\n\n\n<div class=\"wp-block-column is-layout-flow wp-block-column-is-layout-flow\" style=\"flex-basis:30%\"><div  class=\"ultp-post-grid-block wp-block-ultimate-post-post-list-3 ultp-block-c33c0a\"><div class=\"ultp-block-wrapper\"><div class=\"ultp-loading\"><div class=\"ultp-loading-blocks\" style=\"width:100%;height:100%;\"><div style=\"left: 0;top: 0;animation-delay:0s;\"><\/div><div style=\"left: 21px;top: 0;animation-delay:0.125s;\"><\/div><div style=\"left: 42px;top: 0;animation-delay:0.25s;\"><\/div><div style=\"left: 0;top: 21px;animation-delay:0.875s;\"><\/div><div style=\"left: 42px;top: 21px;animation-delay:0.375s;\"><\/div><div style=\"left: 0;top: 42px;animation-delay:0.75s;\"><\/div><div style=\"left: 42px;top: 42px;animation-delay:0.625s;\"><\/div><div style=\"left: 21px;top: 42px;animation-delay:0.5s;\"><\/div><\/div><\/div><div class=\"ultp-heading-filter\"><div class=\"ultp-heading-filter-in\"><div class=\"ultp-heading-wrap ultp-heading-style15 ultp-heading-left\"><h2 class=\"ultp-heading-inner\"><span>Mais comentados<\/span><\/h2><\/div><\/div><\/div><div class=\"ultp-block-items-wrap ultp-block-row ultp-block-column-1 ultp-block-content-middle ultp-block-content-true ultp-layout1\"><div class=\"ultp-block-item ultp-block-media post-id-936\"><div class=\"ultp-block-content-wrap\"><div class=\"ultp-block-image ultp-block-image-zoomIn\"><a href=\"https:\/\/macaritravel.com\/blog\/o-que-fazer-em-portugal\/\" ><img decoding=\"async\"  alt=\"photo of train in railroad\"  data-src=\"https:\/\/macaritravel.com\/blog\/wp-content\/uploads\/2022\/10\/pexels-photo-3763903-600x600.jpeg\" src=\"data:image\/svg+xml;base64,PHN2ZyB3aWR0aD0iMSIgaGVpZ2h0PSIxIiB4bWxucz0iaHR0cDovL3d3dy53My5vcmcvMjAwMC9zdmciPjwvc3ZnPg==\" class=\"lazyload\" style=\"--smush-placeholder-width: 600px; --smush-placeholder-aspect-ratio: 600\/600;\" \/><\/a><\/div><div class=\"ultp-block-content\"><div class=\"ultp-category-grid ultp-category-classic ultp-category-aboveTitle\"><div class=\"ultp-category-in\"><a class=\"ultp-cat-europa\" href=\"https:\/\/macaritravel.com\/blog\/category\/europa\/\"  >Europa<\/a><a class=\"ultp-cat-portugal\" href=\"https:\/\/macaritravel.com\/blog\/category\/europa\/portugal\/\"  >Portugal<\/a><a class=\"ultp-cat-roteiros\" href=\"https:\/\/macaritravel.com\/blog\/category\/roteiros\/\"  >Roteiros<\/a><\/div><\/div><h3 class=\"ultp-block-title \"><a href=\"https:\/\/macaritravel.com\/blog\/o-que-fazer-em-portugal\/\" >O que fazer em Portugal?<\/a><\/h3><div class=\"ultp-block-meta ultp-block-meta-dot ultp-block-meta-noIcon\"><\/div><\/div><\/div><\/div><div class=\"ultp-block-item ultp-block-media post-id-3091\"><div class=\"ultp-block-content-wrap\"><div class=\"ultp-block-image ultp-block-image-zoomIn\"><a href=\"https:\/\/macaritravel.com\/blog\/vila-gale-lanca-hotel-focado-nas-criancas\/\" ><img decoding=\"async\"  alt=\"Vila Gal\u00e9 lan\u00e7a hotel focado nas crian\u00e7as\"  data-src=\"https:\/\/macaritravel.com\/blog\/wp-content\/uploads\/2023\/08\/vilagalenepkids-600x600.webp\" src=\"data:image\/svg+xml;base64,PHN2ZyB3aWR0aD0iMSIgaGVpZ2h0PSIxIiB4bWxucz0iaHR0cDovL3d3dy53My5vcmcvMjAwMC9zdmciPjwvc3ZnPg==\" class=\"lazyload\" style=\"--smush-placeholder-width: 600px; --smush-placeholder-aspect-ratio: 600\/600;\" \/><\/a><\/div><div class=\"ultp-block-content\"><div class=\"ultp-category-grid ultp-category-classic ultp-category-aboveTitle\"><div class=\"ultp-category-in\"><a class=\"ultp-cat-europa\" href=\"https:\/\/macaritravel.com\/blog\/category\/europa\/\"  >Europa<\/a><a class=\"ultp-cat-portugal\" href=\"https:\/\/macaritravel.com\/blog\/category\/europa\/portugal\/\"  >Portugal<\/a><\/div><\/div><h3 class=\"ultp-block-title \"><a href=\"https:\/\/macaritravel.com\/blog\/vila-gale-lanca-hotel-focado-nas-criancas\/\" >Vila Gal\u00e9 lan\u00e7a hotel focado nas crian\u00e7as<\/a><\/h3><div class=\"ultp-block-meta ultp-block-meta-dot ultp-block-meta-noIcon\"><\/div><\/div><\/div><\/div><div class=\"ultp-block-item ultp-block-media post-id-114\"><div class=\"ultp-block-content-wrap\"><div class=\"ultp-block-image ultp-block-image-zoomIn\"><a href=\"https:\/\/macaritravel.com\/blog\/qual-a-melhor-epoca-para-ir-para-europa\/\" ><img decoding=\"async\"  alt=\"Qual a melhor \u00e9poca do ano para ir para Europa?\"  data-src=\"https:\/\/macaritravel.com\/blog\/wp-content\/uploads\/2022\/10\/primavera-europa-1.jpg\" src=\"data:image\/svg+xml;base64,PHN2ZyB3aWR0aD0iMSIgaGVpZ2h0PSIxIiB4bWxucz0iaHR0cDovL3d3dy53My5vcmcvMjAwMC9zdmciPjwvc3ZnPg==\" class=\"lazyload\" style=\"--smush-placeholder-width: 1024px; --smush-placeholder-aspect-ratio: 1024\/682;\" \/><\/a><\/div><div class=\"ultp-block-content\"><div class=\"ultp-category-grid ultp-category-classic ultp-category-aboveTitle\"><div class=\"ultp-category-in\"><a class=\"ultp-cat-dicas\" href=\"https:\/\/macaritravel.com\/blog\/category\/dicas\/\"  >Dicas<\/a><a class=\"ultp-cat-europa\" href=\"https:\/\/macaritravel.com\/blog\/category\/europa\/\"  >Europa<\/a><\/div><\/div><h3 class=\"ultp-block-title \"><a href=\"https:\/\/macaritravel.com\/blog\/qual-a-melhor-epoca-para-ir-para-europa\/\" >Qual a melhor \u00e9poca do ano para ir para Europa?<\/a><\/h3><div class=\"ultp-block-meta ultp-block-meta-dot ultp-block-meta-noIcon\"><\/div><\/div><\/div><\/div><div class=\"ultp-block-item ultp-block-media post-id-2510\"><div class=\"ultp-block-content-wrap\"><div class=\"ultp-block-image ultp-block-image-zoomIn\"><a href=\"https:\/\/macaritravel.com\/blog\/10-dicas-importantes-para-o-motorista-brasileiro-que-vai-dirigir-na-europa\/\" ><img decoding=\"async\"  alt=\"10 dicas importantes para o motorista brasileiro que vai dirigir na Europa\"  data-src=\"https:\/\/macaritravel.com\/blog\/wp-content\/uploads\/2023\/05\/cartravel-600x600.png\" src=\"data:image\/svg+xml;base64,PHN2ZyB3aWR0aD0iMSIgaGVpZ2h0PSIxIiB4bWxucz0iaHR0cDovL3d3dy53My5vcmcvMjAwMC9zdmciPjwvc3ZnPg==\" class=\"lazyload\" style=\"--smush-placeholder-width: 600px; --smush-placeholder-aspect-ratio: 600\/600;\" \/><\/a><\/div><div class=\"ultp-block-content\"><div class=\"ultp-category-grid ultp-category-classic ultp-category-aboveTitle\"><div class=\"ultp-category-in\"><a class=\"ultp-cat-dicas\" href=\"https:\/\/macaritravel.com\/blog\/category\/dicas\/\"  >Dicas<\/a><a class=\"ultp-cat-dirigindo\" href=\"https:\/\/macaritravel.com\/blog\/category\/dirigindo\/\"  >Dirigindo<\/a><a class=\"ultp-cat-europa\" href=\"https:\/\/macaritravel.com\/blog\/category\/europa\/\"  >Europa<\/a><\/div><\/div><h3 class=\"ultp-block-title \"><a href=\"https:\/\/macaritravel.com\/blog\/10-dicas-importantes-para-o-motorista-brasileiro-que-vai-dirigir-na-europa\/\" >10 dicas importantes para o motorista brasileiro que vai dirigir na Europa<\/a><\/h3><div class=\"ultp-block-meta ultp-block-meta-dot ultp-block-meta-noIcon\"><\/div><\/div><\/div><\/div><div class=\"ultp-block-item ultp-block-media post-id-180\"><div class=\"ultp-block-content-wrap\"><div class=\"ultp-block-image ultp-block-image-zoomIn\"><a href=\"https:\/\/macaritravel.com\/blog\/o-que-fazer-em-miami\/\" ><img decoding=\"async\"  alt=\"O que fazer em Miami?\"  data-src=\"https:\/\/macaritravel.com\/blog\/wp-content\/uploads\/2022\/10\/miami.jpg\" src=\"data:image\/svg+xml;base64,PHN2ZyB3aWR0aD0iMSIgaGVpZ2h0PSIxIiB4bWxucz0iaHR0cDovL3d3dy53My5vcmcvMjAwMC9zdmciPjwvc3ZnPg==\" class=\"lazyload\" style=\"--smush-placeholder-width: 1440px; --smush-placeholder-aspect-ratio: 1440\/1000;\" \/><\/a><\/div><div class=\"ultp-block-content\"><div class=\"ultp-category-grid ultp-category-classic ultp-category-aboveTitle\"><div class=\"ultp-category-in\"><a class=\"ultp-cat-dicas\" href=\"https:\/\/macaritravel.com\/blog\/category\/dicas\/\"  >Dicas<\/a><a class=\"ultp-cat-estados-unidos\" href=\"https:\/\/macaritravel.com\/blog\/category\/estados-unidos\/\"  >Estados Unidos<\/a><a class=\"ultp-cat-florida\" href=\"https:\/\/macaritravel.com\/blog\/category\/estados-unidos\/florida\/\"  >Florida<\/a><a class=\"ultp-cat-miami\" href=\"https:\/\/macaritravel.com\/blog\/category\/estados-unidos\/florida\/miami\/\"  >Miami<\/a><\/div><\/div><h3 class=\"ultp-block-title \"><a href=\"https:\/\/macaritravel.com\/blog\/o-que-fazer-em-miami\/\" >O que fazer em Miami?<\/a><\/h3><div class=\"ultp-block-meta ultp-block-meta-dot ultp-block-meta-noIcon\"><\/div><\/div><\/div><\/div><div class=\"ultp-block-item ultp-block-media post-id-693\"><div class=\"ultp-block-content-wrap\"><div class=\"ultp-block-image ultp-block-image-zoomIn\"><a href=\"https:\/\/macaritravel.com\/blog\/projeto-de-lei-limita-multa-por-cancelamento-ou-remarcacao-de-passagem-aerea\/\" ><img decoding=\"async\"  alt=\"Projeto de Lei limita multa por cancelamento ou remarca\u00e7\u00e3o de passagem a\u00e9rea\"  data-src=\"https:\/\/macaritravel.com\/blog\/wp-content\/uploads\/2022\/10\/passagemaerea-600x547.jpg\" src=\"data:image\/svg+xml;base64,PHN2ZyB3aWR0aD0iMSIgaGVpZ2h0PSIxIiB4bWxucz0iaHR0cDovL3d3dy53My5vcmcvMjAwMC9zdmciPjwvc3ZnPg==\" class=\"lazyload\" style=\"--smush-placeholder-width: 600px; --smush-placeholder-aspect-ratio: 600\/547;\" \/><\/a><\/div><div class=\"ultp-block-content\"><div class=\"ultp-category-grid ultp-category-classic ultp-category-aboveTitle\"><div class=\"ultp-category-in\"><a class=\"ultp-cat-noticias\" href=\"https:\/\/macaritravel.com\/blog\/category\/noticias\/\"  >Noticias<\/a><\/div><\/div><h3 class=\"ultp-block-title \"><a href=\"https:\/\/macaritravel.com\/blog\/projeto-de-lei-limita-multa-por-cancelamento-ou-remarcacao-de-passagem-aerea\/\" >Projeto de Lei limita multa por cancelamento ou remarca\u00e7\u00e3o de passagem a\u00e9rea<\/a><\/h3><div class=\"ultp-block-meta ultp-block-meta-dot ultp-block-meta-noIcon\"><\/div><\/div><\/div><\/div><div class=\"ultp-block-item ultp-block-media post-id-5806\"><div class=\"ultp-block-content-wrap\"><div class=\"ultp-block-image ultp-block-image-zoomIn\"><a href=\"https:\/\/macaritravel.com\/blog\/descubra-portugal-sem-gastar-museus-monumentos-e-palacios-com-entrada-gratuita-em-52-dias-por-ano\/\" ><img decoding=\"async\"  alt=\"Descubra Portugal Sem Gastar: Museus, Monumentos e Pal\u00e1cios com Entrada Gratuita em 52 Dias por Ano!\"  data-src=\"https:\/\/macaritravel.com\/blog\/wp-content\/uploads\/2025\/11\/i054421-600x600.png\" src=\"data:image\/svg+xml;base64,PHN2ZyB3aWR0aD0iMSIgaGVpZ2h0PSIxIiB4bWxucz0iaHR0cDovL3d3dy53My5vcmcvMjAwMC9zdmciPjwvc3ZnPg==\" class=\"lazyload\" style=\"--smush-placeholder-width: 600px; --smush-placeholder-aspect-ratio: 600\/600;\" \/><\/a><\/div><div class=\"ultp-block-content\"><div class=\"ultp-category-grid ultp-category-classic ultp-category-aboveTitle\"><div class=\"ultp-category-in\"><a class=\"ultp-cat-portugal\" href=\"https:\/\/macaritravel.com\/blog\/category\/europa\/portugal\/\"  >Portugal<\/a><\/div><\/div><h3 class=\"ultp-block-title \"><a href=\"https:\/\/macaritravel.com\/blog\/descubra-portugal-sem-gastar-museus-monumentos-e-palacios-com-entrada-gratuita-em-52-dias-por-ano\/\" >Descubra Portugal Sem Gastar: Museus, Monumentos e Pal\u00e1cios com Entrada Gratuita em 52 Dias por Ano!<\/a><\/h3><div class=\"ultp-block-meta ultp-block-meta-dot ultp-block-meta-noIcon\"><\/div><\/div><\/div><\/div><\/div><\/div><div class=\"pagination-block-html\" aria-hidden=\"true\" style=\"display: none;\"><\/div><\/div><\/div>\n<\/div>\n\n\n\n<meta name=\"follow.it-verification-code\" content=\"VwNLpYWhL5ESKWy8LfN8\"\/>\n","protected":false},"excerpt":{"rendered":"","protected":false},"author":1,"featured_media":0,"parent":0,"menu_order":0,"comment_status":"closed","ping_status":"closed","template":"","meta":{"sfsi_plus_gutenberg_text_before_share":"","sfsi_plus_gutenberg_show_text_before_share":"","sfsi_plus_gutenberg_icon_type":"","sfsi_plus_gutenberg_icon_alignemt":"","sfsi_plus_gutenburg_max_per_row":"","episode_type":"","audio_file":"","podmotor_file_id":"","podmotor_episode_id":"","cover_image":"","cover_image_id":"","duration":"","filesize":"","filesize_raw":"","date_recorded":"","explicit":"","block":"","itunes_episode_number":"","itunes_title":"","itunes_season_number":"","itunes_episode_type":"","jetpack_post_was_ever_published":false,"footnotes":""},"class_list":["post-340","page","type-page","status-publish","hentry"],"yoast_head":"<!-- This site is optimized with the Yoast SEO plugin v27.5 - https:\/\/yoast.com\/product\/yoast-seo-wordpress\/ -->\n<title>- Macari Travel Blog<\/title>\n<meta name=\"description\" content=\"Blog Official da Macari Travel. Confira no nosso blog as melhoras dicas, roteiros e informa\u00e7\u00f5es que far\u00e3o sua viagem ser muito melhor.\" \/>\n<meta name=\"robots\" content=\"index, follow, max-snippet:-1, max-image-preview:large, max-video-preview:-1\" \/>\n<link rel=\"canonical\" href=\"https:\/\/macaritravel.com\/blog\/\" \/>\n<meta property=\"og:locale\" content=\"pt_BR\" \/>\n<meta property=\"og:type\" content=\"article\" \/>\n<meta property=\"og:title\" content=\"- Macari Travel Blog\" \/>\n<meta property=\"og:description\" content=\"Blog Official da Macari Travel. Confira no nosso blog as melhoras dicas, roteiros e informa\u00e7\u00f5es que far\u00e3o sua viagem ser muito melhor.\" \/>\n<meta property=\"og:url\" content=\"https:\/\/macaritravel.com\/blog\/\" \/>\n<meta property=\"og:site_name\" content=\"Macari Travel Blog\" \/>\n<meta property=\"article:publisher\" content=\"https:\/\/www.facebook.com\/MacariTravel\" \/>\n<meta property=\"article:modified_time\" content=\"2022-10-19T23:50:59+00:00\" \/>\n<meta name=\"twitter:card\" content=\"summary_large_image\" \/>\n<script type=\"application\/ld+json\" class=\"yoast-schema-graph\">{\"@context\":\"https:\\\/\\\/schema.org\",\"@graph\":[{\"@type\":\"WebPage\",\"@id\":\"https:\\\/\\\/macaritravel.com\\\/blog\\\/\",\"url\":\"https:\\\/\\\/macaritravel.com\\\/blog\\\/\",\"name\":\"- Macari Travel Blog\",\"isPartOf\":{\"@id\":\"https:\\\/\\\/macaritravel.com\\\/blog\\\/#website\"},\"datePublished\":\"2022-10-14T18:01:36+00:00\",\"dateModified\":\"2022-10-19T23:50:59+00:00\",\"description\":\"Blog Official da Macari Travel. Confira no nosso blog as melhoras dicas, roteiros e informa\u00e7\u00f5es que far\u00e3o sua viagem ser muito melhor.\",\"inLanguage\":\"pt-BR\",\"potentialAction\":[{\"@type\":\"ReadAction\",\"target\":[\"https:\\\/\\\/macaritravel.com\\\/blog\\\/\"]}]},{\"@type\":\"WebSite\",\"@id\":\"https:\\\/\\\/macaritravel.com\\\/blog\\\/#website\",\"url\":\"https:\\\/\\\/macaritravel.com\\\/blog\\\/\",\"name\":\"Blog da Macari Travel\",\"description\":\"Blog Oficial da Macari Travel\",\"publisher\":{\"@id\":\"https:\\\/\\\/macaritravel.com\\\/blog\\\/#organization\"},\"potentialAction\":[{\"@type\":\"SearchAction\",\"target\":{\"@type\":\"EntryPoint\",\"urlTemplate\":\"https:\\\/\\\/macaritravel.com\\\/blog\\\/?s={search_term_string}\"},\"query-input\":{\"@type\":\"PropertyValueSpecification\",\"valueRequired\":true,\"valueName\":\"search_term_string\"}}],\"inLanguage\":\"pt-BR\"},{\"@type\":\"Organization\",\"@id\":\"https:\\\/\\\/macaritravel.com\\\/blog\\\/#organization\",\"name\":\"Macari Travel\",\"url\":\"https:\\\/\\\/macaritravel.com\\\/blog\\\/\",\"logo\":{\"@type\":\"ImageObject\",\"inLanguage\":\"pt-BR\",\"@id\":\"https:\\\/\\\/macaritravel.com\\\/blog\\\/#\\\/schema\\\/logo\\\/image\\\/\",\"url\":\"https:\\\/\\\/macaritravel.com\\\/blog\\\/wp-content\\\/uploads\\\/2022\\\/10\\\/Logo-MT-Oficial.png\",\"contentUrl\":\"https:\\\/\\\/macaritravel.com\\\/blog\\\/wp-content\\\/uploads\\\/2022\\\/10\\\/Logo-MT-Oficial.png\",\"width\":1350,\"height\":600,\"caption\":\"Macari Travel\"},\"image\":{\"@id\":\"https:\\\/\\\/macaritravel.com\\\/blog\\\/#\\\/schema\\\/logo\\\/image\\\/\"},\"sameAs\":[\"https:\\\/\\\/www.facebook.com\\\/MacariTravel\",\"https:\\\/\\\/www.instagram.com\\\/macari_travel\\\/\"]}]}<\/script>\n<!-- \/ Yoast SEO plugin. -->","yoast_head_json":{"title":"- Macari Travel Blog","description":"Blog Official da Macari Travel. Confira no nosso blog as melhoras dicas, roteiros e informa\u00e7\u00f5es que far\u00e3o sua viagem ser muito melhor.","robots":{"index":"index","follow":"follow","max-snippet":"max-snippet:-1","max-image-preview":"max-image-preview:large","max-video-preview":"max-video-preview:-1"},"canonical":"https:\/\/macaritravel.com\/blog\/","og_locale":"pt_BR","og_type":"article","og_title":"- Macari Travel Blog","og_description":"Blog Official da Macari Travel. Confira no nosso blog as melhoras dicas, roteiros e informa\u00e7\u00f5es que far\u00e3o sua viagem ser muito melhor.","og_url":"https:\/\/macaritravel.com\/blog\/","og_site_name":"Macari Travel Blog","article_publisher":"https:\/\/www.facebook.com\/MacariTravel","article_modified_time":"2022-10-19T23:50:59+00:00","twitter_card":"summary_large_image","schema":{"@context":"https:\/\/schema.org","@graph":[{"@type":"WebPage","@id":"https:\/\/macaritravel.com\/blog\/","url":"https:\/\/macaritravel.com\/blog\/","name":"- Macari Travel Blog","isPartOf":{"@id":"https:\/\/macaritravel.com\/blog\/#website"},"datePublished":"2022-10-14T18:01:36+00:00","dateModified":"2022-10-19T23:50:59+00:00","description":"Blog Official da Macari Travel. Confira no nosso blog as melhoras dicas, roteiros e informa\u00e7\u00f5es que far\u00e3o sua viagem ser muito melhor.","inLanguage":"pt-BR","potentialAction":[{"@type":"ReadAction","target":["https:\/\/macaritravel.com\/blog\/"]}]},{"@type":"WebSite","@id":"https:\/\/macaritravel.com\/blog\/#website","url":"https:\/\/macaritravel.com\/blog\/","name":"Blog da Macari Travel","description":"Blog Oficial da Macari Travel","publisher":{"@id":"https:\/\/macaritravel.com\/blog\/#organization"},"potentialAction":[{"@type":"SearchAction","target":{"@type":"EntryPoint","urlTemplate":"https:\/\/macaritravel.com\/blog\/?s={search_term_string}"},"query-input":{"@type":"PropertyValueSpecification","valueRequired":true,"valueName":"search_term_string"}}],"inLanguage":"pt-BR"},{"@type":"Organization","@id":"https:\/\/macaritravel.com\/blog\/#organization","name":"Macari Travel","url":"https:\/\/macaritravel.com\/blog\/","logo":{"@type":"ImageObject","inLanguage":"pt-BR","@id":"https:\/\/macaritravel.com\/blog\/#\/schema\/logo\/image\/","url":"https:\/\/macaritravel.com\/blog\/wp-content\/uploads\/2022\/10\/Logo-MT-Oficial.png","contentUrl":"https:\/\/macaritravel.com\/blog\/wp-content\/uploads\/2022\/10\/Logo-MT-Oficial.png","width":1350,"height":600,"caption":"Macari Travel"},"image":{"@id":"https:\/\/macaritravel.com\/blog\/#\/schema\/logo\/image\/"},"sameAs":["https:\/\/www.facebook.com\/MacariTravel","https:\/\/www.instagram.com\/macari_travel\/"]}]}},"jetpack_sharing_enabled":true,"_links":{"self":[{"href":"https:\/\/macaritravel.com\/blog\/wp-json\/wp\/v2\/pages\/340","targetHints":{"allow":["GET"]}}],"collection":[{"href":"https:\/\/macaritravel.com\/blog\/wp-json\/wp\/v2\/pages"}],"about":[{"href":"https:\/\/macaritravel.com\/blog\/wp-json\/wp\/v2\/types\/page"}],"author":[{"embeddable":true,"href":"https:\/\/macaritravel.com\/blog\/wp-json\/wp\/v2\/users\/1"}],"replies":[{"embeddable":true,"href":"https:\/\/macaritravel.com\/blog\/wp-json\/wp\/v2\/comments?post=340"}],"version-history":[{"count":0,"href":"https:\/\/macaritravel.com\/blog\/wp-json\/wp\/v2\/pages\/340\/revisions"}],"wp:attachment":[{"href":"https:\/\/macaritravel.com\/blog\/wp-json\/wp\/v2\/media?parent=340"}],"curies":[{"name":"wp","href":"https:\/\/api.w.org\/{rel}","templated":true}]}}